{"id":1627,"date":"2021-08-20T13:36:02","date_gmt":"2021-08-20T13:36:02","guid":{"rendered":"https:\/\/charte-numerique.edu-vd.ch\/?page_id=1627"},"modified":"2026-01-15T15:12:55","modified_gmt":"2026-01-15T15:12:55","slug":"faq","status":"publish","type":"page","link":"https:\/\/charte-numerique.edu-vd.ch\/index.php\/faq\/","title":{"rendered":"FAQ"},"content":{"rendered":"\t\t<div data-elementor-type=\"wp-page\" data-elementor-id=\"1627\" class=\"elementor elementor-1627\" data-elementor-post-type=\"page\">\n\t\t\t\t\t\t<section class=\"elementor-section elementor-top-section elementor-element elementor-element-670ffa0 elementor-section-boxed elementor-section-height-default elementor-section-height-default\" data-id=\"670ffa0\" data-element_type=\"section\" data-e-type=\"section\">\n\t\t\t\t\t\t<div class=\"elementor-container elementor-column-gap-default\">\n\t\t\t\t\t<div class=\"elementor-column elementor-col-100 elementor-top-column elementor-element elementor-element-af9000d\" data-id=\"af9000d\" data-element_type=\"column\" data-e-type=\"column\">\n\t\t\t<div class=\"elementor-widget-wrap elementor-element-populated\">\n\t\t\t\t\t\t\t<\/div>\n\t\t<\/div>\n\t\t\t\t\t<\/div>\n\t\t<\/section>\n\t\t\t\t<section class=\"elementor-section elementor-top-section elementor-element elementor-element-41e5af1 elementor-section-boxed elementor-section-height-default elementor-section-height-default\" data-id=\"41e5af1\" data-element_type=\"section\" data-e-type=\"section\">\n\t\t\t\t\t\t<div class=\"elementor-container elementor-column-gap-default\">\n\t\t\t\t\t<div class=\"elementor-column elementor-col-100 elementor-top-column elementor-element elementor-element-c23101d\" data-id=\"c23101d\" data-element_type=\"column\" data-e-type=\"column\">\n\t\t\t<div class=\"elementor-widget-wrap elementor-element-populated\">\n\t\t\t\t\t\t<div class=\"elementor-element elementor-element-a24a3e4 elementor-widget elementor-widget-heading\" data-id=\"a24a3e4\" data-element_type=\"widget\" data-e-type=\"widget\" data-widget_type=\"heading.default\">\n\t\t\t\t<div class=\"elementor-widget-container\">\n\t\t\t\t\t<h2 class=\"elementor-heading-title elementor-size-default\">Questions fr\u00e9quemment pos\u00e9es (FAQ)<\/h2>\t\t\t\t<\/div>\n\t\t\t\t<\/div>\n\t\t\t\t\t<\/div>\n\t\t<\/div>\n\t\t\t\t\t<\/div>\n\t\t<\/section>\n\t\t\t\t<section class=\"elementor-section elementor-top-section elementor-element elementor-element-b0fe096 elementor-section-boxed elementor-section-height-default elementor-section-height-default\" data-id=\"b0fe096\" data-element_type=\"section\" data-e-type=\"section\">\n\t\t\t\t\t\t<div class=\"elementor-container elementor-column-gap-default\">\n\t\t\t\t\t<div class=\"elementor-column elementor-col-33 elementor-top-column elementor-element elementor-element-e732764\" data-id=\"e732764\" data-element_type=\"column\" data-e-type=\"column\">\n\t\t\t<div class=\"elementor-widget-wrap elementor-element-populated\">\n\t\t\t\t\t\t<div class=\"elementor-element elementor-element-942e1b8 elementor-widget elementor-widget-text-editor\" data-id=\"942e1b8\" data-element_type=\"widget\" data-e-type=\"widget\" data-widget_type=\"text-editor.default\">\n\t\t\t\t<div class=\"elementor-widget-container\">\n\t\t\t\t\t\t\t\t\t<h4>La charte de la DGEO est-elle obligatoire ?<\/h4>\t\t\t\t\t\t\t\t<\/div>\n\t\t\t\t<\/div>\n\t\t\t\t\t<\/div>\n\t\t<\/div>\n\t\t\t\t<div class=\"elementor-column elementor-col-66 elementor-top-column elementor-element elementor-element-b02737c\" data-id=\"b02737c\" data-element_type=\"column\" data-e-type=\"column\">\n\t\t\t<div class=\"elementor-widget-wrap elementor-element-populated\">\n\t\t\t\t\t\t<div class=\"elementor-element elementor-element-e66e358 elementor-widget elementor-widget-text-editor\" data-id=\"e66e358\" data-element_type=\"widget\" data-e-type=\"widget\" data-widget_type=\"text-editor.default\">\n\t\t\t\t<div class=\"elementor-widget-container\">\n\t\t\t\t\t\t\t\t\t<p>Un cadre s\u00e9curis\u00e9 doit \u00eatre propos\u00e9 aux \u00e9l\u00e8ves. La charte de la DGEO offre ce cadre mais il est possible de proposer une charte personnalis\u00e9e. C&rsquo;est dans cet esprit que le mat\u00e9riel propos\u00e9 par la DGEO a \u00e9t\u00e9 construit.&nbsp;<\/p>\t\t\t\t\t\t\t\t<\/div>\n\t\t\t\t<\/div>\n\t\t\t\t\t<\/div>\n\t\t<\/div>\n\t\t\t\t\t<\/div>\n\t\t<\/section>\n\t\t\t\t<section class=\"elementor-section elementor-top-section elementor-element elementor-element-8c19298 elementor-section-boxed elementor-section-height-default elementor-section-height-default\" data-id=\"8c19298\" data-element_type=\"section\" data-e-type=\"section\">\n\t\t\t\t\t\t<div class=\"elementor-container elementor-column-gap-default\">\n\t\t\t\t\t<div class=\"elementor-column elementor-col-33 elementor-top-column elementor-element elementor-element-80605b6\" data-id=\"80605b6\" data-element_type=\"column\" data-e-type=\"column\">\n\t\t\t<div class=\"elementor-widget-wrap elementor-element-populated\">\n\t\t\t\t\t\t<div class=\"elementor-element elementor-element-43496c9 elementor-widget elementor-widget-text-editor\" data-id=\"43496c9\" data-element_type=\"widget\" data-e-type=\"widget\" data-widget_type=\"text-editor.default\">\n\t\t\t\t<div class=\"elementor-widget-container\">\n\t\t\t\t\t\t\t\t\t<h4>Au cycle 1, pourquoi les illustrations pr\u00e9sentes dans le Cahier de communication (ou l&rsquo;Agenda) ne sont-elles pas en couleur ?<\/h4>\t\t\t\t\t\t\t\t<\/div>\n\t\t\t\t<\/div>\n\t\t\t\t\t<\/div>\n\t\t<\/div>\n\t\t\t\t<div class=\"elementor-column elementor-col-66 elementor-top-column elementor-element elementor-element-e7fef64\" data-id=\"e7fef64\" data-element_type=\"column\" data-e-type=\"column\">\n\t\t\t<div class=\"elementor-widget-wrap elementor-element-populated\">\n\t\t\t\t\t\t<div class=\"elementor-element elementor-element-0f04835 elementor-widget elementor-widget-text-editor\" data-id=\"0f04835\" data-element_type=\"widget\" data-e-type=\"widget\" data-widget_type=\"text-editor.default\">\n\t\t\t\t<div class=\"elementor-widget-container\">\n\t\t\t\t\t\t\t\t\t<p>Au cycle 1, les illustrations ont \u00e9t\u00e9 laiss\u00e9es en noir et blanc afin de permettre aux \u00e9l\u00e8ves de la colorier lorsqu&rsquo;ils sont en mesure de mettre en pratique le conseil. De cette mani\u00e8re, la charte peut \u00e9voluer durant l&rsquo;ann\u00e9e : si l&rsquo;\u00e9tiquette est colori\u00e9e, cela signifie que l&rsquo;\u00e9l\u00e8ve est pr\u00eat-e \u00e0 s&rsquo;engager \u00e0 respecter le conseil.\u00a0<\/p>\t\t\t\t\t\t\t\t<\/div>\n\t\t\t\t<\/div>\n\t\t\t\t\t<\/div>\n\t\t<\/div>\n\t\t\t\t\t<\/div>\n\t\t<\/section>\n\t\t\t\t<section class=\"elementor-section elementor-top-section elementor-element elementor-element-0593ac0 elementor-section-boxed elementor-section-height-default elementor-section-height-default\" data-id=\"0593ac0\" data-element_type=\"section\" data-e-type=\"section\">\n\t\t\t\t\t\t<div class=\"elementor-container elementor-column-gap-default\">\n\t\t\t\t\t<div class=\"elementor-column elementor-col-33 elementor-top-column elementor-element elementor-element-6f59c91\" data-id=\"6f59c91\" data-element_type=\"column\" data-e-type=\"column\">\n\t\t\t<div class=\"elementor-widget-wrap elementor-element-populated\">\n\t\t\t\t\t\t<div class=\"elementor-element elementor-element-f555bf3 elementor-widget elementor-widget-text-editor\" data-id=\"f555bf3\" data-element_type=\"widget\" data-e-type=\"widget\" data-widget_type=\"text-editor.default\">\n\t\t\t\t<div class=\"elementor-widget-container\">\n\t\t\t\t\t\t\t\t\t<h4>La liste des conseils est longue, surtout en d\u00e9but d&rsquo;ann\u00e9e o\u00f9 il est difficile pour les \u00e9l\u00e8ves de tout assimiler. Peut-on fractionner la mise en place de la charte ?<\/h4>\t\t\t\t\t\t\t\t<\/div>\n\t\t\t\t<\/div>\n\t\t\t\t\t<\/div>\n\t\t<\/div>\n\t\t\t\t<div class=\"elementor-column elementor-col-66 elementor-top-column elementor-element elementor-element-0b899d2\" data-id=\"0b899d2\" data-element_type=\"column\" data-e-type=\"column\">\n\t\t\t<div class=\"elementor-widget-wrap elementor-element-populated\">\n\t\t\t\t\t\t<div class=\"elementor-element elementor-element-3afabb8 elementor-widget elementor-widget-text-editor\" data-id=\"3afabb8\" data-element_type=\"widget\" data-e-type=\"widget\" data-widget_type=\"text-editor.default\">\n\t\t\t\t<div class=\"elementor-widget-container\">\n\t\t\t\t\t\t\t\t\t<p>Oui. Il est d&rsquo;ailleurs conseill\u00e9 de s&rsquo;assurer que les \u00e9l\u00e8ves comprennent et ma\u00eetrisent le conseil avant d&rsquo;obtenir un engagement de leur part. Sur ce site, des activit\u00e9s vous sont propos\u00e9es afin d&rsquo;introduire ces conseils. Une fois que vos \u00e9l\u00e8ves le ou les ma\u00eetrisent, invitez-les \u00e0 le ou les valider dans le Cahier de communication ou l&rsquo;Agenda (coloriage, signature, coche&#8230;).<\/p>\t\t\t\t\t\t\t\t<\/div>\n\t\t\t\t<\/div>\n\t\t\t\t\t<\/div>\n\t\t<\/div>\n\t\t\t\t\t<\/div>\n\t\t<\/section>\n\t\t\t\t<section class=\"elementor-section elementor-top-section elementor-element elementor-element-164bfe1 elementor-section-boxed elementor-section-height-default elementor-section-height-default\" data-id=\"164bfe1\" data-element_type=\"section\" data-e-type=\"section\">\n\t\t\t\t\t\t<div class=\"elementor-container elementor-column-gap-default\">\n\t\t\t\t\t<div class=\"elementor-column elementor-col-33 elementor-top-column elementor-element elementor-element-94a2357\" data-id=\"94a2357\" data-element_type=\"column\" data-e-type=\"column\">\n\t\t\t<div class=\"elementor-widget-wrap elementor-element-populated\">\n\t\t\t\t\t\t<div class=\"elementor-element elementor-element-5560c3d elementor-widget elementor-widget-text-editor\" data-id=\"5560c3d\" data-element_type=\"widget\" data-e-type=\"widget\" data-widget_type=\"text-editor.default\">\n\t\t\t\t<div class=\"elementor-widget-container\">\n\t\t\t\t\t\t\t\t\t<h4><span class=\"TextRun SCXW111671394 BCX0\" lang=\"FR-FR\" xml:lang=\"FR-FR\" data-contrast=\"auto\"><span class=\"NormalTextRun SCXW111671394 BCX0\"><span class=\"TextRun SCXW153932808 BCX0\" lang=\"FR-FR\" xml:lang=\"FR-FR\" data-contrast=\"auto\"><span class=\"NormalTextRun SCXW153932808 BCX0\">La charte doit-elle \u00eatre sign\u00e9e par les \u00e9l\u00e8ves ou les parents ?<\/span><\/span><span class=\"EOP SCXW153932808 BCX0\" data-ccp-props=\"{\">\u00a0<\/span><\/span><\/span><\/h4>\t\t\t\t\t\t\t\t<\/div>\n\t\t\t\t<\/div>\n\t\t\t\t\t<\/div>\n\t\t<\/div>\n\t\t\t\t<div class=\"elementor-column elementor-col-66 elementor-top-column elementor-element elementor-element-dab70cb\" data-id=\"dab70cb\" data-element_type=\"column\" data-e-type=\"column\">\n\t\t\t<div class=\"elementor-widget-wrap elementor-element-populated\">\n\t\t\t\t\t\t<div class=\"elementor-element elementor-element-39444db elementor-widget elementor-widget-text-editor\" data-id=\"39444db\" data-element_type=\"widget\" data-e-type=\"widget\" data-widget_type=\"text-editor.default\">\n\t\t\t\t<div class=\"elementor-widget-container\">\n\t\t\t\t\t\t\t\t\t<p><span class=\"TextRun SCXW111671394 BCX0\" lang=\"FR-FR\" xml:lang=\"FR-FR\" data-contrast=\"auto\"><span class=\"NormalTextRun SCXW111671394 BCX0\">Pas obligatoirement. L&rsquo;engagement de l&rsquo;\u00e9l\u00e8ve \u00e0 respecter la charte ne passe pas forc\u00e9ment par la signature de cette derni\u00e8re. En fonction du contexte de la classe, de l&rsquo;\u00e2ge des \u00e9l\u00e8ves ou des recommandations de votre \u00e9tablissement par exemple, d&rsquo;autres solutions peuvent \u00eatre envisag\u00e9es.\u00a0<\/span><\/span><\/p>\t\t\t\t\t\t\t\t<\/div>\n\t\t\t\t<\/div>\n\t\t\t\t\t<\/div>\n\t\t<\/div>\n\t\t\t\t\t<\/div>\n\t\t<\/section>\n\t\t\t\t<section class=\"elementor-section elementor-top-section elementor-element elementor-element-9a29105 elementor-section-boxed elementor-section-height-default elementor-section-height-default\" data-id=\"9a29105\" data-element_type=\"section\" data-e-type=\"section\">\n\t\t\t\t\t\t<div class=\"elementor-container elementor-column-gap-default\">\n\t\t\t\t\t<div class=\"elementor-column elementor-col-33 elementor-top-column elementor-element elementor-element-3f9d8f1\" data-id=\"3f9d8f1\" data-element_type=\"column\" data-e-type=\"column\">\n\t\t\t<div class=\"elementor-widget-wrap elementor-element-populated\">\n\t\t\t\t\t\t<div class=\"elementor-element elementor-element-f3a8bf9 elementor-widget elementor-widget-text-editor\" data-id=\"f3a8bf9\" data-element_type=\"widget\" data-e-type=\"widget\" data-widget_type=\"text-editor.default\">\n\t\t\t\t<div class=\"elementor-widget-container\">\n\t\t\t\t\t\t\t\t\t<h4><span class=\"TextRun SCXW111671394 BCX0\" lang=\"FR-FR\" xml:lang=\"FR-FR\" data-contrast=\"auto\"><span class=\"NormalTextRun SCXW111671394 BCX0\">Je souhaite co-construire la charte avec mes \u00e9l\u00e8ves. La formulation des conseils \u00e0 suivre sera forc\u00e9ment diff\u00e9rente. Comment faire ?<\/span><\/span><\/h4>\t\t\t\t\t\t\t\t<\/div>\n\t\t\t\t<\/div>\n\t\t\t\t\t<\/div>\n\t\t<\/div>\n\t\t\t\t<div class=\"elementor-column elementor-col-66 elementor-top-column elementor-element elementor-element-0be6575\" data-id=\"0be6575\" data-element_type=\"column\" data-e-type=\"column\">\n\t\t\t<div class=\"elementor-widget-wrap elementor-element-populated\">\n\t\t\t\t\t\t<div class=\"elementor-element elementor-element-f3e13ed elementor-widget elementor-widget-text-editor\" data-id=\"f3e13ed\" data-element_type=\"widget\" data-e-type=\"widget\" data-widget_type=\"text-editor.default\">\n\t\t\t\t<div class=\"elementor-widget-container\">\n\t\t\t\t\t\t\t\t\t<p><span class=\"TextRun SCXW111671394 BCX0\" lang=\"FR-FR\" xml:lang=\"FR-FR\" data-contrast=\"auto\"><span class=\"NormalTextRun SCXW111671394 BCX0\">Il est tout \u00e0 fait possible de remplacer la charte pr\u00e9sente dans l&rsquo;agenda par celle de votre classe en la collant par-dessus, par exemple. Si votre classe est d&rsquo;accord, nous serions ravis d&rsquo;en recevoir une copie ! (mitic.dgeo@vd.ch).<\/span><\/span><\/p>\t\t\t\t\t\t\t\t<\/div>\n\t\t\t\t<\/div>\n\t\t\t\t\t<\/div>\n\t\t<\/div>\n\t\t\t\t\t<\/div>\n\t\t<\/section>\n\t\t\t\t<section class=\"elementor-section elementor-top-section elementor-element elementor-element-c803bf0 elementor-section-boxed elementor-section-height-default elementor-section-height-default\" data-id=\"c803bf0\" data-element_type=\"section\" data-e-type=\"section\">\n\t\t\t\t\t\t<div class=\"elementor-container elementor-column-gap-default\">\n\t\t\t\t\t<div class=\"elementor-column elementor-col-33 elementor-top-column elementor-element elementor-element-4a05bf1\" data-id=\"4a05bf1\" data-element_type=\"column\" data-e-type=\"column\">\n\t\t\t<div class=\"elementor-widget-wrap elementor-element-populated\">\n\t\t\t\t\t\t<div class=\"elementor-element elementor-element-d407faa elementor-widget elementor-widget-text-editor\" data-id=\"d407faa\" data-element_type=\"widget\" data-e-type=\"widget\" data-widget_type=\"text-editor.default\">\n\t\t\t\t<div class=\"elementor-widget-container\">\n\t\t\t\t\t\t\t\t\t<h4>Puis-je proposer une charte sous un format num\u00e9rique (vid\u00e9o par exemple) ?<\/h4>\t\t\t\t\t\t\t\t<\/div>\n\t\t\t\t<\/div>\n\t\t\t\t\t<\/div>\n\t\t<\/div>\n\t\t\t\t<div class=\"elementor-column elementor-col-66 elementor-top-column elementor-element elementor-element-73d579d\" data-id=\"73d579d\" data-element_type=\"column\" data-e-type=\"column\">\n\t\t\t<div class=\"elementor-widget-wrap elementor-element-populated\">\n\t\t\t\t\t\t<div class=\"elementor-element elementor-element-419d57c elementor-widget elementor-widget-text-editor\" data-id=\"419d57c\" data-element_type=\"widget\" data-e-type=\"widget\" data-widget_type=\"text-editor.default\">\n\t\t\t\t<div class=\"elementor-widget-container\">\n\t\t\t\t\t\t\t\t\t<p><span class=\"TextRun SCXW111671394 BCX0\" lang=\"FR-FR\" xml:lang=\"FR-FR\" data-contrast=\"auto\"><span class=\"NormalTextRun SCXW111671394 BCX0\">Oui. Dans ce cas, pensez \u00e0 rendre possible l&rsquo;acc\u00e8s de la charte aux parents et aux \u00e9l\u00e8ves (par exemple, en mettant un code QR dans l&rsquo;agenda, aux pages concern\u00e9es). Nous serions \u00e9galement ravis de la d\u00e9couvrir ! (mitic.dgeo@vd.ch).<\/span><\/span><\/p>\t\t\t\t\t\t\t\t<\/div>\n\t\t\t\t<\/div>\n\t\t\t\t\t<\/div>\n\t\t<\/div>\n\t\t\t\t\t<\/div>\n\t\t<\/section>\n\t\t\t\t<section class=\"elementor-section elementor-top-section elementor-element elementor-element-46f210c elementor-section-boxed elementor-section-height-default elementor-section-height-default\" data-id=\"46f210c\" data-element_type=\"section\" data-e-type=\"section\">\n\t\t\t\t\t\t<div class=\"elementor-container elementor-column-gap-default\">\n\t\t\t\t\t<div class=\"elementor-column elementor-col-33 elementor-top-column elementor-element elementor-element-783dc9d\" data-id=\"783dc9d\" data-element_type=\"column\" data-e-type=\"column\">\n\t\t\t<div class=\"elementor-widget-wrap elementor-element-populated\">\n\t\t\t\t\t\t<div class=\"elementor-element elementor-element-ee2e632 elementor-widget elementor-widget-text-editor\" data-id=\"ee2e632\" data-element_type=\"widget\" data-e-type=\"widget\" data-widget_type=\"text-editor.default\">\n\t\t\t\t<div class=\"elementor-widget-container\">\n\t\t\t\t\t\t\t\t\t<h4>Que faire si un-e \u00e9l\u00e8ve ne respecte pas la charte ?<\/h4>\t\t\t\t\t\t\t\t<\/div>\n\t\t\t\t<\/div>\n\t\t\t\t\t<\/div>\n\t\t<\/div>\n\t\t\t\t<div class=\"elementor-column elementor-col-66 elementor-top-column elementor-element elementor-element-d5fb46c\" data-id=\"d5fb46c\" data-element_type=\"column\" data-e-type=\"column\">\n\t\t\t<div class=\"elementor-widget-wrap elementor-element-populated\">\n\t\t\t\t\t\t<div class=\"elementor-element elementor-element-f367c8d elementor-widget elementor-widget-text-editor\" data-id=\"f367c8d\" data-element_type=\"widget\" data-e-type=\"widget\" data-widget_type=\"text-editor.default\">\n\t\t\t\t<div class=\"elementor-widget-container\">\n\t\t\t\t\t\t\t\t\t<p>La r\u00e9ponse \u00e0 cette question d\u00e9pend du contexte dans lequel la charte a \u00e9t\u00e9 instaur\u00e9e et des pratiques p\u00e9dagogiques mises en place. Des sanctions (dans le respect du principe de proportionnalit\u00e9) peuvent \u00eatre pr\u00e9vues. Nous vous encourageons \u00e0 clarifier ce point avec vos \u00e9l\u00e8ves et\/ou \u00e0 mener des r\u00e9flexions avec votre \u00e9quipe p\u00e9dagogique afin d&rsquo;harmoniser les pratiques au sein de l&rsquo;\u00e9tablissement.<\/p>\t\t\t\t\t\t\t\t<\/div>\n\t\t\t\t<\/div>\n\t\t\t\t\t<\/div>\n\t\t<\/div>\n\t\t\t\t\t<\/div>\n\t\t<\/section>\n\t\t\t\t<\/div>\n\t\t","protected":false},"excerpt":{"rendered":"<p>Questions fr\u00e9quemment pos\u00e9es (FAQ) La charte de la DGEO est-elle obligatoire ? Un cadre s\u00e9curis\u00e9 doit \u00eatre propos\u00e9 aux \u00e9l\u00e8ves. La charte de la DGEO offre ce cadre mais il est possible de proposer une charte personnalis\u00e9e. C&rsquo;est dans cet esprit que le mat\u00e9riel propos\u00e9 par la DGEO a \u00e9t\u00e9 construit.&nbsp; Au cycle 1, pourquoi [&hellip;]<\/p>\n","protected":false},"author":2,"featured_media":0,"parent":0,"menu_order":0,"comment_status":"closed","ping_status":"closed","template":"","meta":{"footnotes":""},"class_list":["post-1627","page","type-page","status-publish","hentry"],"_links":{"self":[{"href":"https:\/\/charte-numerique.edu-vd.ch\/index.php\/wp-json\/wp\/v2\/pages\/1627","targetHints":{"allow":["GET"]}}],"collection":[{"href":"https:\/\/charte-numerique.edu-vd.ch\/index.php\/wp-json\/wp\/v2\/pages"}],"about":[{"href":"https:\/\/charte-numerique.edu-vd.ch\/index.php\/wp-json\/wp\/v2\/types\/page"}],"author":[{"embeddable":true,"href":"https:\/\/charte-numerique.edu-vd.ch\/index.php\/wp-json\/wp\/v2\/users\/2"}],"replies":[{"embeddable":true,"href":"https:\/\/charte-numerique.edu-vd.ch\/index.php\/wp-json\/wp\/v2\/comments?post=1627"}],"version-history":[{"count":37,"href":"https:\/\/charte-numerique.edu-vd.ch\/index.php\/wp-json\/wp\/v2\/pages\/1627\/revisions"}],"predecessor-version":[{"id":2426,"href":"https:\/\/charte-numerique.edu-vd.ch\/index.php\/wp-json\/wp\/v2\/pages\/1627\/revisions\/2426"}],"wp:attachment":[{"href":"https:\/\/charte-numerique.edu-vd.ch\/index.php\/wp-json\/wp\/v2\/media?parent=1627"}],"curies":[{"name":"wp","href":"https:\/\/api.w.org\/{rel}","templated":true}]}}